{"id":39961,"date":"2023-04-03T22:27:48","date_gmt":"2023-04-03T20:27:48","guid":{"rendered":"https:\/\/againstthecompass.com\/?post_type=country&#038;p=39961"},"modified":"2024-09-09T13:31:46","modified_gmt":"2024-09-09T11:31:46","slug":"serbia-y-kosovo","status":"publish","type":"country","link":"https:\/\/againstthecompass.com\/es\/country\/serbia-y-kosovo\/","title":{"rendered":"Serbia y Kosovo"},"content":{"rendered":"\n<div class=\"wp-block-columns is-layout-flex wp-container-core-columns-is-layout-9d6595d7 wp-block-columns-is-layout-flex\">\n<div class=\"wp-block-column is-layout-flow wp-block-column-is-layout-flow\"><\/div>\n\n\n\n<div class=\"wp-block-column is-layout-flow wp-block-column-is-layout-flow\" style=\"flex-basis:60%\">\n<p>Serbia es un pa\u00eds del este de Europa y el n\u00facleo de la antigua Yugoslavia.&nbsp;<\/p>\n\n\n\n<p>Por otro lado, Kosovo es un pa\u00eds parcialmente reconocido que se independiz\u00f3 de Serbia en 2008.&nbsp;<\/p>\n\n\n\n<p>En Serbia, son cristianos ortodoxos serbios, mientras que en Kosovo, son musulmanes albaneses.&nbsp;<\/p>\n\n\n\n<p>Dichas diferencias culturales son la raz\u00f3n de tantos a\u00f1os de conflicto entre ambos territorios.&nbsp;<\/p>\n\n\n\n<p>Desafortunadamente, jam\u00e1s he estado en Serbia, pero s\u00ed he viajado por todo Kosovo.&nbsp;<\/p>\n\n\n\n<p>Lee mi <a href=\"https:\/\/againstthecompass.com\/es\/viajar-kosovo\/\"><strong>gu\u00eda de viaje a Kosovo<\/strong><\/a> para saber m\u00e1s.<\/p>\n<\/div>\n\n\n\n<div class=\"wp-block-column is-layout-flow wp-block-column-is-layout-flow\"><\/div>\n<\/div>\n\n\n\n<div style=\"height:30px\" aria-hidden=\"true\" class=\"wp-block-spacer\"><\/div>\n\n\n\n<div class=\"wp-block-group is-layout-constrained wp-block-group-is-layout-constrained\">\n<div class=\"wp-block-group alignfull d-flex flex-column has-background is-layout-constrained wp-block-group-is-layout-constrained\" style=\"background-color:#85ab86\">\n<h2 class=\"wp-block-heading has-text-align-center has-white-color has-text-color\">qu\u00e9 hay que saber <mark style=\"background-color:rgba(0, 0, 0, 0);color:#31551d\" class=\"has-inline-color\">para viajar a Serbia y Kosovo<\/mark><\/h2>\n\n\n\n<div style=\"margin-bottom:30px;height:0px\" aria-hidden=\"true\" class=\"wp-block-spacer white-spacer mx-auto\"><\/div>\n\n\n\n<div class=\"wp-block-columns row flex-wrap max-cols-3 mw-100 is-layout-flex wp-container-core-columns-is-layout-9d6595d7 wp-block-columns-is-layout-flex\">\n<div class=\"wp-block-column col rounded-4 p-3 p-md-5 has-background is-layout-flow wp-block-column-is-layout-flow\" style=\"background-color:#f8fffb\">\n<p class=\"has-text-align-center has-text-color has-larger-font-size\" style=\"color:#31551d\"><i class=\"fas fa-edit\"><\/i><\/p>\n\n\n\n<h5 class=\"wp-block-heading has-text-align-center has-text-color\" style=\"color:#31551d\">Datos principales<\/h5>\n\n\n\n<p class=\"has-text-align-center\"><strong>Capital<\/strong>: Belgrado en Serbia, Pristina en Kosovo<\/p>\n\n\n\n<p class=\"has-text-align-center\"><strong>Poblaci\u00f3n<\/strong>: Serbia tiene 6,7 millones (107\u00ba), mientras que Kosovo tiene 1,9 millones (152\u00ba).<\/p>\n\n\n\n<p class=\"has-text-align-center\"><strong>Idioma<\/strong>: Serbio en Serbia, alban\u00e9s en Kosovo<\/p>\n\n\n\n<p class=\"has-text-align-center\"><strong>Superficie<\/strong>: 88.499km\u00b2 (111\u00ba pa\u00eds m\u00e1s grande). Kosovo tiene 10.887km<sup>2<\/sup><\/p>\n<\/div>\n\n\n\n<div class=\"wp-block-column col rounded-4 p-3 p-md-5 has-background is-layout-flow wp-block-column-is-layout-flow\" style=\"background-color:#f8fffb\">\n<p class=\"has-text-align-center has-text-color has-larger-font-size\" style=\"color:#31551d\"><i class=\"fas fa-passport\"><\/i><\/p>\n\n\n\n<h5 class=\"wp-block-heading has-text-align-center has-text-color\" style=\"color:#31551d\">Visado<\/h5>\n\n\n\n<p class=\"has-text-align-center\">Hay disponible un visado gratuito a la llegada para los dos pa\u00edses.<\/p>\n<\/div>\n\n\n\n<div class=\"wp-block-column col rounded-4 p-3 p-md-5 has-background is-layout-flow wp-block-column-is-layout-flow\" style=\"background-color:#f8fffb\">\n<p class=\"has-text-align-center has-text-color has-larger-font-size\" style=\"color:#31551d\"><i class=\"fas fa-plane-arrival\"><\/i><\/p>\n\n\n\n<h5 class=\"wp-block-heading has-text-align-center has-text-color\" style=\"color:#31551d\">C\u00f3mo entrar<\/h5>\n\n\n\n<p class=\"has-text-align-center\">Tanto Belgrado como Kosovo poseen aeropuertos internacionales.<\/p>\n\n\n\n<p class=\"has-text-align-center\">Todas las fronteras terrestres con pa\u00edses vecinos son amistosas y est\u00e1n abiertas, son muy f\u00e1ciles de cruzar.<\/p>\n<\/div>\n<\/div>\n\n\n\n<div class=\"wp-block-columns row flex-wrap max-cols-3 mw-100 is-layout-flex wp-container-core-columns-is-layout-9d6595d7 wp-block-columns-is-layout-flex\">\n<div class=\"wp-block-column col rounded-4 p-3 p-md-5 has-background is-layout-flow wp-block-column-is-layout-flow\" style=\"background-color:#f8fffb\">\n<p class=\"has-text-align-center has-text-color has-larger-font-size\" style=\"color:#31551d\"><i class=\"fas fa-file-medical\"><\/i><\/p>\n\n\n\n<h5 class=\"wp-block-heading has-text-align-center has-text-color\" style=\"color:#31551d\">Seguro de viaje<\/h5>\n\n\n\n<p class=\"has-text-align-center\"><strong><a href=\"https:\/\/www.iatiseguros.com\/?r=30867932099453&amp;cmp=serbia_kosovo_category_es\" target=\"_blank\" rel=\"noreferrer noopener nofollow sponsored\">IATI Seguros<\/a><\/strong> es una de las pocas que cubre viajar en Serbia y Kosovo<\/p>\n\n\n\n<div class=\"wp-block-buttons is-layout-flex wp-block-buttons-is-layout-flex\">\n<div class=\"wp-block-button aligncenter\"><a class=\"wp-block-button__link has-background wp-element-button\" href=\"https:\/\/www.iatiseguros.com\/?r=30867932099453&amp;cmp=serbia_kosovo_category_es\" style=\"border-radius:5px;background-color:#fe9900\" target=\"_blank\" rel=\"noreferrer noopener nofollow sponsored\"><strong>SOLICITA TU PRESUPUESTO<\/strong><\/a><\/div>\n<\/div>\n<\/div>\n\n\n\n<div class=\"wp-block-column col rounded-4 p-3 p-md-5 has-background is-layout-flow wp-block-column-is-layout-flow\" style=\"background-color:#f8fffb\">\n<p class=\"has-text-align-center has-text-color has-larger-font-size\" style=\"color:#31551d\"><i class=\"fas fa-cloud-sun\"><\/i><\/p>\n\n\n\n<h5 class=\"wp-block-heading has-text-align-center has-text-color\" style=\"color:#31551d\">Mejor \u00e9poca para visitarlo<\/h5>\n\n\n\n<p class=\"has-text-align-center\">El verano es la temporada alta, pero puede resultar caluroso y llenarse de gente.<\/p>\n\n\n\n<p class=\"has-text-align-center\">La primavera y el oto\u00f1o son en principio la mejor \u00e9poca.<\/p>\n\n\n\n<p class=\"has-text-align-center\">El invierno puede ser fr\u00edo, pero no hay ning\u00fan problema si solo visitas ciudades.<\/p>\n<\/div>\n\n\n\n<div class=\"wp-block-column col rounded-4 p-3 p-md-5 has-background is-layout-flow wp-block-column-is-layout-flow\" style=\"background-color:#f8fffb\">\n<p class=\"has-text-align-center has-text-color has-larger-font-size\" style=\"color:#31551d\"><i class=\"fas fa-euro-sign\"><\/i><\/p>\n\n\n\n<h5 class=\"wp-block-heading has-text-align-center has-text-color\" style=\"color:#31551d\">Dinero<\/h5>\n\n\n\n<p class=\"has-text-align-center\">La moneda oficial es el <strong>dinar serbio.<\/strong><\/p>\n\n\n\n<p class=\"has-text-align-center\">1\u20ac = 117 RSD<\/p>\n\n\n\n<p class=\"has-text-align-center\">En Kosovo utilizan <strong>euros (\u20ac)<\/strong><\/p>\n\n\n\n<p class=\"has-text-align-center\"><strong>Presupuesto: <\/strong>a partir de 40\u20ac por d\u00eda para mochileros con poco presupuesto<\/p>\n<\/div>\n<\/div>\n<\/div>\n<\/div>\n\n\n\n<hr class=\"wp-block-separator has-text-color has-atc-primary-green-color has-alpha-channel-opacity has-atc-primary-green-background-color has-background is-style-default\"\/>\n\n\n\n<h3 class=\"wp-block-heading has-text-align-center\">\u00bfSe puede cruzar de Serbia a Kosovo y viceversa?<\/h3>\n\n\n\n<div class=\"wp-block-media-text alignwide is-stacked-on-mobile has-background\" style=\"background-color:#f7f7f7;grid-template-columns:27% auto\"><figure class=\"wp-block-media-text__media\"><picture><source srcset=\"https:\/\/againstthecompass.com\/wp-content\/uploads\/2023\/03\/Serbia-text-box-category.avif\" type=\"image\/avif\"><source srcset=\"https:\/\/againstthecompass.com\/wp-content\/uploads\/2023\/03\/Serbia-text-box-category.jpg\" type=\"image\/jpeg\"><img decoding=\"async\" src=\"https:\/\/againstthecompass.com\/wp-content\/uploads\/2023\/03\/Serbia-text-box-category.jpg\" alt class=\"wp-image-41492 size-full\"><\/picture><\/figure><div class=\"wp-block-media-text__content\">\n<p>Seg\u00fan Serbia, Kosovo es Serbia, as\u00ed que puedes cruzar f\u00e1cilmente desde Serbia a Kosovo y volver a Serbia m\u00e1s tarde.<\/p>\n\n\n\n<p>Pero si entraras en Kosovo desde Albania o Macedonia del Norte, por ejemplo, no podr\u00edas entrar en Serbia, porque seg\u00fan la propia Serbia habr\u00edas entrado ilegalmente en su pa\u00eds.<\/p>\n<\/div><\/div>\n\n\n\n<hr class=\"wp-block-separator has-text-color has-atc-primary-green-color has-alpha-channel-opacity has-atc-primary-green-background-color has-background is-style-default\"\/>\n\n\n\n<h3 class=\"wp-block-heading has-text-align-center\">Mejores experiencias en Kosovo<\/h3>\n\n\n\n<div class=\"wp-block-columns is-layout-flex wp-container-core-columns-is-layout-9d6595d7 wp-block-columns-is-layout-flex\">\n<div class=\"wp-block-column is-layout-flow wp-block-column-is-layout-flow\">\n<p class=\"has-text-align-center\"><strong>Visitar la capital m\u00e1s discreta de Europa, Pristina<\/strong><\/p>\n\n\n\n<p class=\"has-text-align-center\">Los a\u00f1os de guerra y conflictos han dejado un pa\u00eds empobrecido con poco dinero para invertir en monumentos y en embellecerlo todo.<\/p>\n<\/div>\n\n\n\n<div class=\"wp-block-column is-layout-flow wp-block-column-is-layout-flow\">\n<p class=\"has-text-align-center\"><strong>Comprender a los serbios visitando un pueblo serbio<\/strong><\/p>\n\n\n\n<p class=\"has-text-align-center\">Los serbios han vivido en Kosovo durante generaciones, y tambi\u00e9n forman parte de la desafortunada historia reciente.<\/p>\n<\/div>\n\n\n\n<div class=\"wp-block-column is-layout-flow wp-block-column-is-layout-flow\">\n<p class=\"has-text-align-center\"><strong>La arquitectura otomana<\/strong><\/p>\n\n\n\n<p class=\"has-text-align-center\">Los turcos gobernaron en Kosovo durante 500 a\u00f1os, dejando tras de s\u00ed un patrimonio cultural muy tangible, como ocurre en Prizren o Djakova<\/p>\n<\/div>\n\n\n\n<div class=\"wp-block-column is-layout-flow wp-block-column-is-layout-flow\">\n<p class=\"has-text-align-center\"><strong>La regi\u00f3n apenas visitada de Dragash<\/strong><\/p>\n\n\n\n<p class=\"has-text-align-center\">Aqu\u00ed tuvimos la mejor experiencia local de toda la pen\u00ednsula balc\u00e1nica, personas que de casualidad nos invitaban a sus casas a tomar el t\u00e9, como <a href=\"https:\/\/againstthecompass.com\/es\/country\/pakistan\/\"><strong>en Pakist\u00e1n<\/strong><\/a>.<\/p>\n<\/div>\n<\/div>\n\n\n\n<div class=\"wp-block-group is-layout-constrained wp-block-group-is-layout-constrained\">\n<div class=\"wp-block-group alignfull d-flex flex-column has-background is-layout-constrained wp-block-group-is-layout-constrained\" style=\"background-color:#d4d4d4\">\n<h2 class=\"wp-block-heading has-text-align-center has-atc-primary-green-color has-text-color\">consejos para Kosovo<\/h2>\n\n\n\n<div style=\"margin-bottom:30px;height:0px\" aria-hidden=\"true\" class=\"wp-block-spacer white-spacer mx-auto\"><\/div>\n\n\n\n<div class=\"wp-block-columns row flex-wrap max-cols-3 mw-100 is-layout-flex wp-container-core-columns-is-layout-9d6595d7 wp-block-columns-is-layout-flex\">\n<div class=\"wp-block-column col rounded-4 p-3 p-md-5 has-background is-layout-flow wp-block-column-is-layout-flow\" style=\"background-color:#f8fffb\">\n<p class=\"has-text-align-center has-text-color has-larger-font-size\" style=\"color:#31551d\"><i class=\"fas fa-bed\"><\/i><\/p>\n\n\n\n<h5 class=\"wp-block-heading has-text-align-center has-text-color\" style=\"color:#31551d\">Alojamiento<\/h5>\n\n\n\n<p class=\"has-text-align-center\">Hay una abundante oferta de alojamiento por todas partes, el cual puedes reservar f\u00e1cilmente online<\/p>\n\n\n\n<div class=\"wp-block-buttons is-layout-flex wp-block-buttons-is-layout-flex\">\n<div class=\"wp-block-button aligncenter\"><a class=\"wp-block-button__link has-background wp-element-button\" href=\"https:\/\/www.booking.com\/country\/xk.es.html?aid=1232728&amp;label=serbia_kosovo_category_es\" style=\"border-radius:5px;background-color:#0c3b7c\" target=\"_blank\" rel=\"noreferrer noopener nofollow sponsored\">ENCUENTRA TU HOTEL AQU\u00cd<\/a><\/div>\n<\/div>\n<\/div>\n\n\n\n<div class=\"wp-block-column col rounded-4 p-3 p-md-5 has-background is-layout-flow wp-block-column-is-layout-flow\" style=\"background-color:#f8fffb\">\n<p class=\"has-text-align-center has-text-color has-larger-font-size\" style=\"color:#31551d\"><i class=\"fas fa-walking\"><\/i><\/p>\n\n\n\n<h5 class=\"wp-block-heading has-text-align-center has-text-color\" style=\"color:#31551d\">Viajes de un d\u00eda<\/h5>\n\n\n\n<p class=\"has-text-align-center\">Hay much\u00edsimos viajes de un d\u00eda, actividades y excursiones que puedes hacer tanto desde Prizren como desde Pristina<\/p>\n<\/div>\n\n\n\n<div class=\"wp-block-column col rounded-4 p-3 p-md-5 has-background is-layout-flow wp-block-column-is-layout-flow\" style=\"background-color:#f8fffb\">\n<p class=\"has-text-align-center has-text-color has-larger-font-size\" style=\"color:#31551d\"><i class=\"fas fa-bus-alt\"><\/i><\/p>\n\n\n\n<h5 class=\"wp-block-heading has-text-align-center has-text-color\" style=\"color:#31551d\">Transporte<\/h5>\n\n\n\n<p class=\"has-text-align-center\">La mejor manera de desplazarse es en coche, pero puedes encontrar f\u00e1cilmente medios de transporte que conectan la mayor\u00eda de pueblos y ciudades.<\/p>\n<\/div>\n<\/div>\n<\/div>\n<\/div>\n\n\n\n<hr class=\"wp-block-separator aligncenter has-text-color has-atc-primary-green-color has-alpha-channel-opacity has-atc-primary-green-background-color has-background is-style-default\"\/>\n\n\n\n<h3 class=\"wp-block-heading has-text-align-center\">TODOS MIS ART\u00cdCULOS SOBRE KOSOVO<\/h3>\n\n\n","protected":false},"featured_media":40871,"menu_order":0,"template":"","meta":{"_acf_changed":false,"_wp_convertkit_post_meta":{"form":"-1","landing_page":"","tag":"0","restrict_content":"0"}},"categories":[],"tags":[],"class_list":["post-39961","country","type-country","status-publish","has-post-thumbnail","hentry"],"acf":[],"_links":{"self":[{"href":"https:\/\/againstthecompass.com\/es\/wp-json\/wp\/v2\/country\/39961","targetHints":{"allow":["GET"]}}],"collection":[{"href":"https:\/\/againstthecompass.com\/es\/wp-json\/wp\/v2\/country"}],"about":[{"href":"https:\/\/againstthecompass.com\/es\/wp-json\/wp\/v2\/types\/country"}],"wp:featuredmedia":[{"embeddable":true,"href":"https:\/\/againstthecompass.com\/es\/wp-json\/wp\/v2\/media\/40871"}],"wp:attachment":[{"href":"https:\/\/againstthecompass.com\/es\/wp-json\/wp\/v2\/media?parent=39961"}],"wp:term":[{"taxonomy":"category","embeddable":true,"href":"https:\/\/againstthecompass.com\/es\/wp-json\/wp\/v2\/categories?post=39961"},{"taxonomy":"post_tag","embeddable":true,"href":"https:\/\/againstthecompass.com\/es\/wp-json\/wp\/v2\/tags?post=39961"}],"curies":[{"name":"wp","href":"https:\/\/api.w.org\/{rel}","templated":true}]}}